{"id":56065,"date":"2025-04-25T13:19:45","date_gmt":"2025-04-25T13:19:45","guid":{"rendered":"https:\/\/www.vanin.be\/contenus-copy\/"},"modified":"2026-02-16T10:13:53","modified_gmt":"2026-02-16T10:13:53","slug":"methodespacte","status":"publish","type":"page","link":"https:\/\/www.vanin.be\/fr\/secondaire\/pactedexcellencesecondaire\/methodespacte\/","title":{"rendered":"M\u00e9thodes Pacte"},"content":{"rendered":"","protected":false},"excerpt":{"rendered":"","protected":false},"author":25,"featured_media":0,"parent":47417,"menu_order":0,"comment_status":"closed","ping_status":"closed","template":"","meta":{"_acf_changed":false,"footnotes":""},"acf":[],"yoast_head":"<!-- This site is optimized with the Yoast SEO Premium plugin v22.8 (Yoast SEO v22.8) - https:\/\/yoast.com\/wordpress\/plugins\/seo\/ -->\n<title>M\u00e9thodes Pacte - VAN IN<\/title>\n<meta name=\"description\" content=\"Nos m\u00e9thodes, conformes aux r\u00e9f\u00e9rentiels du tronc commun, visent \u00e0 motiver les \u00e9l\u00e8ves en ancrant les apprentissages dans des contextes actuels et proches de leurs int\u00e9r\u00eats. Dynamiques et engageantes gr\u00e2ce \u00e0 des ressources interactives vari\u00e9es, elles vous feront gagner du temps tout en facilitant la diff\u00e9renciation en classe.\" \/>\n<meta name=\"robots\" content=\"index, follow, max-snippet:-1, max-image-preview:large, max-video-preview:-1\" \/>\n<link rel=\"canonical\" href=\"https:\/\/www.vanin.be\/fr\/secondaire\/pactedexcellencesecondaire\/methodespacte\/\" \/>\n<meta property=\"og:locale\" content=\"fr_FR\" \/>\n<meta property=\"og:type\" content=\"article\" \/>\n<meta property=\"og:title\" content=\"M\u00e9thodes Pacte\" \/>\n<meta property=\"og:description\" content=\"Nos m\u00e9thodes, conformes aux r\u00e9f\u00e9rentiels du tronc commun, visent \u00e0 motiver les \u00e9l\u00e8ves en ancrant les apprentissages dans des contextes actuels et proches de leurs int\u00e9r\u00eats. Dynamiques et engageantes gr\u00e2ce \u00e0 des ressources interactives vari\u00e9es, elles vous feront gagner du temps tout en facilitant la diff\u00e9renciation en classe.\" \/>\n<meta property=\"og:url\" content=\"https:\/\/www.vanin.be\/fr\/secondaire\/pactedexcellencesecondaire\/methodespacte\/\" \/>\n<meta property=\"og:site_name\" content=\"VAN IN\" \/>\n<meta property=\"article:publisher\" content=\"https:\/\/www.facebook.com\/uitgeverijvanin\" \/>\n<meta property=\"article:modified_time\" content=\"2026-02-16T10:13:53+00:00\" \/>\n<meta name=\"twitter:card\" content=\"summary_large_image\" \/>\n<meta name=\"twitter:site\" content=\"@UitgeverijVanIn\" \/>\n<script type=\"application\/ld+json\" class=\"yoast-schema-graph\">{\"@context\":\"https:\/\/schema.org\",\"@graph\":[{\"@type\":\"WebPage\",\"@id\":\"https:\/\/www.vanin.be\/fr\/secondaire\/pactedexcellencesecondaire\/methodespacte\/\",\"url\":\"https:\/\/www.vanin.be\/fr\/secondaire\/pactedexcellencesecondaire\/methodespacte\/\",\"name\":\"M\u00e9thodes Pacte - VAN IN\",\"isPartOf\":{\"@id\":\"https:\/\/van-in-website-production-241050714.eu-west-1.elb.amazonaws.com\/fr\/#website\"},\"datePublished\":\"2025-04-25T13:19:45+00:00\",\"dateModified\":\"2026-02-16T10:13:53+00:00\",\"description\":\"Nos m\u00e9thodes, conformes aux r\u00e9f\u00e9rentiels du tronc commun, visent \u00e0 motiver les \u00e9l\u00e8ves en ancrant les apprentissages dans des contextes actuels et proches de leurs int\u00e9r\u00eats. Dynamiques et engageantes gr\u00e2ce \u00e0 des ressources interactives vari\u00e9es, elles vous feront gagner du temps tout en facilitant la diff\u00e9renciation en classe.\",\"breadcrumb\":{\"@id\":\"https:\/\/www.vanin.be\/fr\/secondaire\/pactedexcellencesecondaire\/methodespacte\/#breadcrumb\"},\"inLanguage\":\"fr-FR\",\"potentialAction\":[{\"@type\":\"ReadAction\",\"target\":[\"https:\/\/www.vanin.be\/fr\/secondaire\/pactedexcellencesecondaire\/methodespacte\/\"]}]},{\"@type\":\"BreadcrumbList\",\"@id\":\"https:\/\/www.vanin.be\/fr\/secondaire\/pactedexcellencesecondaire\/methodespacte\/#breadcrumb\",\"itemListElement\":[{\"@type\":\"ListItem\",\"position\":1,\"name\":\"Home\",\"item\":\"https:\/\/van-in-website-production-241050714.eu-west-1.elb.amazonaws.com\/fr\/\"},{\"@type\":\"ListItem\",\"position\":2,\"name\":\"Enseignement secondaire\",\"item\":\"https:\/\/www.vanin.be\/fr\/secondaire\/\"},{\"@type\":\"ListItem\",\"position\":3,\"name\":\"Pacte d&#8217;excellence secondaire\",\"item\":\"https:\/\/www.vanin.be\/fr\/secondaire\/pactedexcellencesecondaire\/\"},{\"@type\":\"ListItem\",\"position\":4,\"name\":\"M\u00e9thodes Pacte\"}]},{\"@type\":\"WebSite\",\"@id\":\"https:\/\/van-in-website-production-241050714.eu-west-1.elb.amazonaws.com\/fr\/#website\",\"url\":\"https:\/\/van-in-website-production-241050714.eu-west-1.elb.amazonaws.com\/fr\/\",\"name\":\"VAN IN\",\"description\":\"VAN IN\",\"publisher\":{\"@id\":\"https:\/\/van-in-website-production-241050714.eu-west-1.elb.amazonaws.com\/fr\/#organization\"},\"potentialAction\":[{\"@type\":\"SearchAction\",\"target\":{\"@type\":\"EntryPoint\",\"urlTemplate\":\"https:\/\/van-in-website-production-241050714.eu-west-1.elb.amazonaws.com\/fr\/?s={search_term_string}\"},\"query-input\":\"required name=search_term_string\"}],\"inLanguage\":\"fr-FR\"},{\"@type\":\"Organization\",\"@id\":\"https:\/\/van-in-website-production-241050714.eu-west-1.elb.amazonaws.com\/fr\/#organization\",\"name\":\"Uitgeverij VAN IN\",\"alternateName\":\"VAN IN\",\"url\":\"https:\/\/van-in-website-production-241050714.eu-west-1.elb.amazonaws.com\/fr\/\",\"logo\":{\"@type\":\"ImageObject\",\"inLanguage\":\"fr-FR\",\"@id\":\"https:\/\/van-in-website-production-241050714.eu-west-1.elb.amazonaws.com\/fr\/#\/schema\/logo\/image\/\",\"url\":\"https:\/\/www.vanin.be\/wp-content\/uploads\/2025\/01\/VANIN_logo_corporate_FullColor_pos.png\",\"contentUrl\":\"https:\/\/www.vanin.be\/wp-content\/uploads\/2025\/01\/VANIN_logo_corporate_FullColor_pos.png\",\"width\":4246,\"height\":1168,\"caption\":\"Uitgeverij VAN IN\"},\"image\":{\"@id\":\"https:\/\/van-in-website-production-241050714.eu-west-1.elb.amazonaws.com\/fr\/#\/schema\/logo\/image\/\"},\"sameAs\":[\"https:\/\/www.facebook.com\/uitgeverijvanin\",\"https:\/\/x.com\/UitgeverijVanIn\",\"https:\/\/www.youtube.com\/uitgeverijvanin\",\"https:\/\/www.linkedin.com\/company\/uitgeverij-van-in\"]}]}<\/script>\n<!-- \/ Yoast SEO Premium plugin. -->","yoast_head_json":{"title":"M\u00e9thodes Pacte - VAN IN","description":"Nos m\u00e9thodes, conformes aux r\u00e9f\u00e9rentiels du tronc commun, visent \u00e0 motiver les \u00e9l\u00e8ves en ancrant les apprentissages dans des contextes actuels et proches de leurs int\u00e9r\u00eats. Dynamiques et engageantes gr\u00e2ce \u00e0 des ressources interactives vari\u00e9es, elles vous feront gagner du temps tout en facilitant la diff\u00e9renciation en classe.","robots":{"index":"index","follow":"follow","max-snippet":"max-snippet:-1","max-image-preview":"max-image-preview:large","max-video-preview":"max-video-preview:-1"},"canonical":"https:\/\/www.vanin.be\/fr\/secondaire\/pactedexcellencesecondaire\/methodespacte\/","og_locale":"fr_FR","og_type":"article","og_title":"M\u00e9thodes Pacte","og_description":"Nos m\u00e9thodes, conformes aux r\u00e9f\u00e9rentiels du tronc commun, visent \u00e0 motiver les \u00e9l\u00e8ves en ancrant les apprentissages dans des contextes actuels et proches de leurs int\u00e9r\u00eats. Dynamiques et engageantes gr\u00e2ce \u00e0 des ressources interactives vari\u00e9es, elles vous feront gagner du temps tout en facilitant la diff\u00e9renciation en classe.","og_url":"https:\/\/www.vanin.be\/fr\/secondaire\/pactedexcellencesecondaire\/methodespacte\/","og_site_name":"VAN IN","article_publisher":"https:\/\/www.facebook.com\/uitgeverijvanin","article_modified_time":"2026-02-16T10:13:53+00:00","twitter_card":"summary_large_image","twitter_site":"@UitgeverijVanIn","schema":{"@context":"https:\/\/schema.org","@graph":[{"@type":"WebPage","@id":"https:\/\/www.vanin.be\/fr\/secondaire\/pactedexcellencesecondaire\/methodespacte\/","url":"https:\/\/www.vanin.be\/fr\/secondaire\/pactedexcellencesecondaire\/methodespacte\/","name":"M\u00e9thodes Pacte - VAN IN","isPartOf":{"@id":"https:\/\/van-in-website-production-241050714.eu-west-1.elb.amazonaws.com\/fr\/#website"},"datePublished":"2025-04-25T13:19:45+00:00","dateModified":"2026-02-16T10:13:53+00:00","description":"Nos m\u00e9thodes, conformes aux r\u00e9f\u00e9rentiels du tronc commun, visent \u00e0 motiver les \u00e9l\u00e8ves en ancrant les apprentissages dans des contextes actuels et proches de leurs int\u00e9r\u00eats. Dynamiques et engageantes gr\u00e2ce \u00e0 des ressources interactives vari\u00e9es, elles vous feront gagner du temps tout en facilitant la diff\u00e9renciation en classe.","breadcrumb":{"@id":"https:\/\/www.vanin.be\/fr\/secondaire\/pactedexcellencesecondaire\/methodespacte\/#breadcrumb"},"inLanguage":"fr-FR","potentialAction":[{"@type":"ReadAction","target":["https:\/\/www.vanin.be\/fr\/secondaire\/pactedexcellencesecondaire\/methodespacte\/"]}]},{"@type":"BreadcrumbList","@id":"https:\/\/www.vanin.be\/fr\/secondaire\/pactedexcellencesecondaire\/methodespacte\/#breadcrumb","itemListElement":[{"@type":"ListItem","position":1,"name":"Home","item":"https:\/\/van-in-website-production-241050714.eu-west-1.elb.amazonaws.com\/fr\/"},{"@type":"ListItem","position":2,"name":"Enseignement secondaire","item":"https:\/\/www.vanin.be\/fr\/secondaire\/"},{"@type":"ListItem","position":3,"name":"Pacte d&#8217;excellence secondaire","item":"https:\/\/www.vanin.be\/fr\/secondaire\/pactedexcellencesecondaire\/"},{"@type":"ListItem","position":4,"name":"M\u00e9thodes Pacte"}]},{"@type":"WebSite","@id":"https:\/\/van-in-website-production-241050714.eu-west-1.elb.amazonaws.com\/fr\/#website","url":"https:\/\/van-in-website-production-241050714.eu-west-1.elb.amazonaws.com\/fr\/","name":"VAN IN","description":"VAN IN","publisher":{"@id":"https:\/\/van-in-website-production-241050714.eu-west-1.elb.amazonaws.com\/fr\/#organization"},"potentialAction":[{"@type":"SearchAction","target":{"@type":"EntryPoint","urlTemplate":"https:\/\/van-in-website-production-241050714.eu-west-1.elb.amazonaws.com\/fr\/?s={search_term_string}"},"query-input":"required name=search_term_string"}],"inLanguage":"fr-FR"},{"@type":"Organization","@id":"https:\/\/van-in-website-production-241050714.eu-west-1.elb.amazonaws.com\/fr\/#organization","name":"Uitgeverij VAN IN","alternateName":"VAN IN","url":"https:\/\/van-in-website-production-241050714.eu-west-1.elb.amazonaws.com\/fr\/","logo":{"@type":"ImageObject","inLanguage":"fr-FR","@id":"https:\/\/van-in-website-production-241050714.eu-west-1.elb.amazonaws.com\/fr\/#\/schema\/logo\/image\/","url":"https:\/\/www.vanin.be\/wp-content\/uploads\/2025\/01\/VANIN_logo_corporate_FullColor_pos.png","contentUrl":"https:\/\/www.vanin.be\/wp-content\/uploads\/2025\/01\/VANIN_logo_corporate_FullColor_pos.png","width":4246,"height":1168,"caption":"Uitgeverij VAN IN"},"image":{"@id":"https:\/\/van-in-website-production-241050714.eu-west-1.elb.amazonaws.com\/fr\/#\/schema\/logo\/image\/"},"sameAs":["https:\/\/www.facebook.com\/uitgeverijvanin","https:\/\/x.com\/UitgeverijVanIn","https:\/\/www.youtube.com\/uitgeverijvanin","https:\/\/www.linkedin.com\/company\/uitgeverij-van-in"]}]}},"_links":{"self":[{"href":"https:\/\/www.vanin.be\/fr\/wp-json\/wp\/v2\/pages\/56065"}],"collection":[{"href":"https:\/\/www.vanin.be\/fr\/wp-json\/wp\/v2\/pages"}],"about":[{"href":"https:\/\/www.vanin.be\/fr\/wp-json\/wp\/v2\/types\/page"}],"author":[{"embeddable":true,"href":"https:\/\/www.vanin.be\/fr\/wp-json\/wp\/v2\/users\/25"}],"replies":[{"embeddable":true,"href":"https:\/\/www.vanin.be\/fr\/wp-json\/wp\/v2\/comments?post=56065"}],"version-history":[{"count":64,"href":"https:\/\/www.vanin.be\/fr\/wp-json\/wp\/v2\/pages\/56065\/revisions"}],"predecessor-version":[{"id":64819,"href":"https:\/\/www.vanin.be\/fr\/wp-json\/wp\/v2\/pages\/56065\/revisions\/64819"}],"up":[{"embeddable":true,"href":"https:\/\/www.vanin.be\/fr\/wp-json\/wp\/v2\/pages\/47417"}],"wp:attachment":[{"href":"https:\/\/www.vanin.be\/fr\/wp-json\/wp\/v2\/media?parent=56065"}],"curies":[{"name":"wp","href":"https:\/\/api.w.org\/{rel}","templated":true}]}}